{"id":21509,"date":"2024-03-14T13:57:02","date_gmt":"2024-03-14T12:57:02","guid":{"rendered":"https:\/\/tems-dataspace.eu\/about\/"},"modified":"2024-06-12T09:02:05","modified_gmt":"2024-06-12T07:02:05","slug":"about","status":"publish","type":"page","link":"https:\/\/tems-dataspace.eu\/es\/about\/","title":{"rendered":"ACERCA DE"},"content":{"rendered":"<p>[et_pb_section fb_built=\u00bb1&#8243; custom_padding_last_edited=\u00bbon|phone\u00bb admin_label=\u00bbscope\u00bb module_id=\u00bbscope\u00bb _builder_version=\u00bb4.22.2&#8243; _module_preset=\u00bbdefault\u00bb min_height_tablet=\u00bb100vh\u00bb min_height_phone=\u00bb100vh\u00bb min_height_last_edited=\u00bbon|phone\u00bb height_tablet=\u00bb100vh\u00bb height_phone=\u00bb\u00bb height_last_edited=\u00bbon|phone\u00bb custom_margin=\u00bb||||false|false\u00bb custom_margin_tablet=\u00bb||100px||false|false\u00bb custom_margin_phone=\u00bb||-50px||false|false\u00bb custom_margin_last_edited=\u00bbon|phone\u00bb custom_padding=\u00bb150px||150px||false|false\u00bb custom_padding_tablet=\u00bb30px||30px||false|false\u00bb custom_padding_phone=\u00bb0px||0px||false|false\u00bb da_popup_slug=\u00bbscope\u00bb da_disable_devices=\u00bboff|off|off\u00bb locked=\u00bboff\u00bb global_colors_info=\u00bb{}\u00bb da_is_popup=\u00bboff\u00bb da_exit_intent=\u00bboff\u00bb da_has_close=\u00bbon\u00bb da_alt_close=\u00bboff\u00bb da_dark_close=\u00bboff\u00bb da_not_modal=\u00bbon\u00bb da_is_singular=\u00bboff\u00bb da_with_loader=\u00bboff\u00bb da_has_shadow=\u00bbon\u00bb][et_pb_row _builder_version=\u00bb4.22.2&#8243; _module_preset=\u00bbdefault\u00bb global_colors_info=\u00bb{}\u00bb][et_pb_column type=\u00bb4_4&#8243; _builder_version=\u00bb4.22.2&#8243; _module_preset=\u00bbdefault\u00bb global_colors_info=\u00bb{}\u00bb][et_pb_blurb title=\u00bbContexto de la industria de los medios de comunicaci\u00f3n\u00bb content_max_width=\u00bb100%\u00bb content_tablet=\u00bb<\/p>\n<p>La iniciativa TEMS, impulsada por la Comisi\u00f3n Europea y desarrollada por un consorcio de 40 organizaciones que representan a cientos de partes interesadas de 11 pa\u00edses en los sectores cultural y creativo, desempe\u00f1a un papel fundamental en la implementaci\u00f3n de la Estrategia Europea de Datos.<\/p>\n<p>\u00bb content_phone=\u00bb<\/p>\n<p>La iniciativa TEMS, impulsada por la Comisi\u00f3n Europea y desarrollada por un consorcio de 40 organizaciones que representan a cientos de partes interesadas de 11 pa\u00edses en los sectores cultural y creativo, desempe\u00f1a un papel fundamental en la implementaci\u00f3n de la Estrategia Europea de Datos.<\/p>\n<p>\u00bb content_last_edited=\u00bbon|phone\u00bb _builder_version=\u00bb4.22.2&#8243; _module_preset=\u00bbdefault\u00bb header_level=\u00bbh1&#8243; header_font=\u00bb|700|||||||\u00bb header_text_color=\u00bb#000231&#8243; header_font_size=\u00bb65px\u00bb header_line_height=\u00bb1.3em\u00bb body_font=\u00bb||||||||\u00bb body_text_color=\u00bb#434466&#8243; body_font_size=\u00bb24px\u00bb body_line_height=\u00bb1.8em\u00bb positioning=\u00bbrelative\u00bb horizontal_offset=\u00bb85px\u00bb position_origin_a_tablet=\u00bb\u00bb position_origin_a_phone=\u00bb\u00bb position_origin_a_last_edited=\u00bbon|phone\u00bb position_origin_f_tablet=\u00bb\u00bb position_origin_f_phone=\u00bb\u00bb position_origin_f_last_edited=\u00bbon|phone\u00bb position_origin_r_tablet=\u00bb\u00bb position_origin_r_phone=\u00bb\u00bb position_origin_r_last_edited=\u00bbon|phone\u00bb custom_margin=\u00bb40px|200px|||false|false\u00bb custom_margin_tablet=\u00bb40px|200px|||false|false\u00bb custom_margin_phone=\u00bb0px|0px|||false|false\u00bb custom_margin_last_edited=\u00bbon|tablet\u00bb custom_padding_tablet=\u00bb\u00bb custom_padding_phone=\u00bb||||false|false\u00bb custom_padding_last_edited=\u00bbon|phone\u00bb header_text_align_tablet=\u00bbcenter\u00bb header_text_align_phone=\u00bbcenter\u00bb header_text_align_last_edited=\u00bbon|phone\u00bb header_font_size_tablet=\u00bb65px\u00bb header_font_size_phone=\u00bb40px\u00bb header_font_size_last_edited=\u00bbon|phone\u00bb header_line_height_tablet=\u00bb1.3em\u00bb header_line_height_phone=\u00bb\u00bb header_line_height_last_edited=\u00bbon|phone\u00bb body_text_align_tablet=\u00bb\u00bb body_text_align_phone=\u00bbcenter\u00bb body_text_align_last_edited=\u00bbon|phone\u00bb body_font_size_tablet=\u00bb24px\u00bb body_font_size_phone=\u00bb20px\u00bb body_font_size_last_edited=\u00bbon|phone\u00bb positioning_tablet=\u00bbrelative\u00bb positioning_phone=\u00bbnone\u00bb positioning_last_edited=\u00bbon|phone\u00bb locked=\u00bboff\u00bb global_colors_info=\u00bb{}\u00bb]<\/p>\n<p>Con el crecimiento de las tecnolog\u00edas de IA y la r\u00e1pida adopci\u00f3n de sus herramientas, todas las industrias, especialmente la de los medios de comunicaci\u00f3n, han reconocido la necesidad apremiante de mejorar la gesti\u00f3n y el control de los datos, al mismo tiempo que facilitan su circulaci\u00f3n para optimizar su valor. Las organizaciones de medios de comunicaci\u00f3n necesitan cooperar de manera urgente para desarrollar y adoptar procesos y soluciones basados en datos que les permitan mantener su competitividad. <strong>\u00bfPuede un espacio compartido de datos revitalizar la industria europea de los medios de comunicaci\u00f3n y crear nuevas oportunidades?<\/strong><\/p>\n<p>[\/et_pb_blurb][\/et_pb_column][\/et_pb_row][et_pb_row column_structure=\u00bb2_5,3_5&#8243; use_custom_gutter=\u00bbon\u00bb gutter_width=\u00bb1&#8243; custom_padding_last_edited=\u00bbon|phone\u00bb _builder_version=\u00bb4.22.2&#8243; _module_preset=\u00bbdefault\u00bb max_width=\u00bb1200px\u00bb custom_margin_tablet=\u00bb\u00bb custom_margin_phone=\u00bb||0px||false|false\u00bb custom_margin_last_edited=\u00bbon|phone\u00bb custom_padding_tablet=\u00bb\u00bb custom_padding_phone=\u00bb||0px||false|false\u00bb global_colors_info=\u00bb{}\u00bb][et_pb_column type=\u00bb2_5&#8243; _builder_version=\u00bb4.22.2&#8243; _module_preset=\u00bbdefault\u00bb position_origin_a=\u00bbcenter_left\u00bb horizontal_offset=\u00bb-160px\u00bb vertical_offset_tablet=\u00bb\u00bb vertical_offset_phone=\u00bb-20px\u00bb vertical_offset_last_edited=\u00bbon|phone\u00bb horizontal_offset_tablet=\u00bb-180px\u00bb horizontal_offset_phone=\u00bb0px\u00bb horizontal_offset_last_edited=\u00bbon|phone\u00bb global_colors_info=\u00bb{}\u00bb][et_pb_image src=\u00bbhttps:\/\/tems-dataspace.eu\/wp-content\/uploads\/2024\/03\/TEMS_img-scaled.jpg\u00bb alt=\u00bbTEMS\u00bb align=\u00bbcenter\u00bb align_tablet=\u00bbcenter\u00bb align_phone=\u00bbcenter\u00bb align_last_edited=\u00bbon|tablet\u00bb module_class=\u00bbplot\u00bb _builder_version=\u00bb4.25.0&#8243; _module_preset=\u00bbdefault\u00bb horizontal_offset=\u00bb-200px\u00bb position_origin_a_tablet=\u00bb\u00bb position_origin_a_phone=\u00bb\u00bb position_origin_a_last_edited=\u00bbon|phone\u00bb position_origin_f_tablet=\u00bb\u00bb position_origin_f_phone=\u00bb\u00bb position_origin_f_last_edited=\u00bbon|phone\u00bb position_origin_r_tablet=\u00bb\u00bb position_origin_r_phone=\u00bb\u00bb position_origin_r_last_edited=\u00bbon|phone\u00bb width=\u00bb710px\u00bb width_tablet=\u00bb100%\u00bb width_phone=\u00bb100%\u00bb width_last_edited=\u00bbon|tablet\u00bb custom_margin=\u00bb30%||30%||true|false\u00bb custom_margin_tablet=\u00bb0%||0%|60%|true|false\u00bb custom_margin_phone=\u00bb|||0%|true|false\u00bb custom_margin_last_edited=\u00bbon|tablet\u00bb custom_padding=\u00bb||||false|false\u00bb positioning_tablet=\u00bbrelative\u00bb positioning_phone=\u00bbnone\u00bb positioning_last_edited=\u00bbon|phone\u00bb border_radii=\u00bbon|200px|200px|200px|200px\u00bb global_colors_info=\u00bb{}\u00bb][\/et_pb_image][\/et_pb_column][et_pb_column type=\u00bb3_5&#8243; _builder_version=\u00bb4.22.2&#8243; _module_preset=\u00bbdefault\u00bb global_colors_info=\u00bb{}\u00bb][et_pb_blurb title=\u00bbEstrategia Digital Europea: Espacios de datos\u00bb content_tablet=\u00bb<\/p>\n<p>La iniciativa TEMS, impulsada por la Comisi\u00f3n Europea y desarrollada por un consorcio de 40 organizaciones que representan a cientos de partes interesadas de 11 pa\u00edses en los sectores cultural y creativo, desempe\u00f1a un papel fundamental en la implementaci\u00f3n de la Estrategia Europea de Datos.<\/p>\n<p>\u00bb content_phone=\u00bb<\/p>\n<p>La iniciativa TEMS, impulsada por la Comisi\u00f3n Europea y desarrollada por un consorcio de 40 organizaciones que representan a cientos de partes interesadas de 11 pa\u00edses en los sectores cultural y creativo, desempe\u00f1a un papel fundamental en la implementaci\u00f3n de la Estrategia Europea de Datos.<\/p>\n<p>\u00bb content_last_edited=\u00bbon|phone\u00bb _builder_version=\u00bb4.22.2&#8243; _module_preset=\u00bbdefault\u00bb header_level=\u00bbh1&#8243; header_font=\u00bb|700|||||||\u00bb header_text_color=\u00bb#000231&#8243; header_font_size=\u00bb65px\u00bb header_line_height=\u00bb1.3em\u00bb body_font=\u00bb||||||||\u00bb body_text_color=\u00bb#434466&#8243; body_font_size=\u00bb24px\u00bb body_line_height=\u00bb1.8em\u00bb positioning=\u00bbrelative\u00bb horizontal_offset=\u00bb85px\u00bb position_origin_a_tablet=\u00bb\u00bb position_origin_a_phone=\u00bb\u00bb position_origin_a_last_edited=\u00bbon|phone\u00bb position_origin_f_tablet=\u00bb\u00bb position_origin_f_phone=\u00bb\u00bb position_origin_f_last_edited=\u00bbon|phone\u00bb position_origin_r_tablet=\u00bb\u00bb position_origin_r_phone=\u00bb\u00bb position_origin_r_last_edited=\u00bbon|phone\u00bb custom_margin=\u00bb40px|||-150px|false|false\u00bb custom_margin_tablet=\u00bb40px|||-150px|false|false\u00bb custom_margin_phone=\u00bb40px|||0px|false|false\u00bb custom_margin_last_edited=\u00bbon|phone\u00bb custom_padding_tablet=\u00bb\u00bb custom_padding_phone=\u00bb||||false|false\u00bb custom_padding_last_edited=\u00bbon|phone\u00bb header_text_align_tablet=\u00bbcenter\u00bb header_text_align_phone=\u00bbcenter\u00bb header_text_align_last_edited=\u00bbon|phone\u00bb header_font_size_tablet=\u00bb65px\u00bb header_font_size_phone=\u00bb40px\u00bb header_font_size_last_edited=\u00bbon|phone\u00bb header_line_height_tablet=\u00bb1.3em\u00bb header_line_height_phone=\u00bb\u00bb header_line_height_last_edited=\u00bbon|phone\u00bb body_text_align_tablet=\u00bb\u00bb body_text_align_phone=\u00bbcenter\u00bb body_text_align_last_edited=\u00bbon|phone\u00bb body_font_size_tablet=\u00bb24px\u00bb body_font_size_phone=\u00bb20px\u00bb body_font_size_last_edited=\u00bbon|phone\u00bb positioning_tablet=\u00bbrelative\u00bb positioning_phone=\u00bbnone\u00bb positioning_last_edited=\u00bbon|phone\u00bb global_colors_info=\u00bb{}\u00bb]<\/p>\n<p>Como parte de la Estrategia Digital Europea, la Comisi\u00f3n Europea est\u00e1 financiando la creaci\u00f3n de \u00abespacios de datos\u00bb en 15 sectores verticales diferentes, como la sanidad, la agricultura, la industria manufacturera, las finanzas, etc. Un espacio de datos es <strong>un ecosistema de datos federado basado en pol\u00edticas y normas compartidas que permiten casos de uso espec\u00edficos entre titulares de datos de confianza, consumidores de datos, aplicaciones, infraestructuras y proveedores de servicios.<\/strong> <\/p>\n<p>[\/et_pb_blurb][\/et_pb_column][\/et_pb_row][et_pb_row _builder_version=\u00bb4.22.2&#8243; _module_preset=\u00bbdefault\u00bb global_colors_info=\u00bb{}\u00bb][et_pb_column type=\u00bb4_4&#8243; _builder_version=\u00bb4.22.2&#8243; _module_preset=\u00bbdefault\u00bb global_colors_info=\u00bb{}\u00bb][et_pb_blurb title=\u00bbIn 2024: A Data Space For The Media Industry\u00bb content_max_width=\u00bb100%\u00bb content_tablet=\u00bb<\/p>\n<p>La iniciativa TEMS, impulsada por la Comisi\u00f3n Europea y desarrollada por un consorcio de 40 organizaciones que representan a cientos de partes interesadas de 11 pa\u00edses en los sectores cultural y creativo, desempe\u00f1a un papel fundamental en la implementaci\u00f3n de la Estrategia Europea de Datos.<\/p>\n<p>\u00bb content_phone=\u00bb<\/p>\n<p>La iniciativa TEMS, impulsada por la Comisi\u00f3n Europea y desarrollada por un consorcio de 40 organizaciones que representan a cientos de partes interesadas de 11 pa\u00edses en los sectores cultural y creativo, desempe\u00f1a un papel fundamental en la implementaci\u00f3n de la Estrategia Europea de Datos.<\/p>\n<p>\u00bb content_last_edited=\u00bbon|phone\u00bb module_class=\u00bbrosa\u00bb _builder_version=\u00bb4.22.2&#8243; _module_preset=\u00bbdefault\u00bb header_level=\u00bbh1&#8243; header_font=\u00bb|700|||||||\u00bb header_text_color=\u00bb#000231&#8243; header_font_size=\u00bb65px\u00bb header_line_height=\u00bb1.3em\u00bb body_font=\u00bb||||||||\u00bb body_text_color=\u00bb#434466&#8243; body_font_size=\u00bb24px\u00bb body_line_height=\u00bb1.8em\u00bb positioning=\u00bbrelative\u00bb horizontal_offset=\u00bb85px\u00bb position_origin_a_tablet=\u00bb\u00bb position_origin_a_phone=\u00bb\u00bb position_origin_a_last_edited=\u00bbon|phone\u00bb position_origin_f_tablet=\u00bb\u00bb position_origin_f_phone=\u00bb\u00bb position_origin_f_last_edited=\u00bbon|phone\u00bb position_origin_r_tablet=\u00bb\u00bb position_origin_r_phone=\u00bb\u00bb position_origin_r_last_edited=\u00bbon|phone\u00bb custom_margin=\u00bb40px|200px|||false|false\u00bb custom_margin_tablet=\u00bb40px|200px|||false|false\u00bb custom_margin_phone=\u00bb0px|0px|||false|false\u00bb custom_margin_last_edited=\u00bbon|tablet\u00bb header_font_size_tablet=\u00bb65px\u00bb header_font_size_phone=\u00bb40px\u00bb header_font_size_last_edited=\u00bbon|phone\u00bb header_line_height_tablet=\u00bb1.3em\u00bb header_line_height_phone=\u00bb\u00bb header_line_height_last_edited=\u00bbon|phone\u00bb body_font_size_tablet=\u00bb24px\u00bb body_font_size_phone=\u00bb20px\u00bb body_font_size_last_edited=\u00bbon|phone\u00bb positioning_tablet=\u00bbrelative\u00bb positioning_phone=\u00bbnone\u00bb positioning_last_edited=\u00bbon|phone\u00bb locked=\u00bboff\u00bb global_colors_info=\u00bb{}\u00bb]<\/p>\n<p>La Comisi\u00f3n Europea cofinancia actualmente una importante iniciativa transfronteriza cuyo objetivo es crear y gestionar un espacio de datos para la industria de los medios de comunicaci\u00f3n. Este espacio de datos, denominado <strong>TEMS<\/strong> (<strong>Trusted European Media data Space<\/strong>), es una iniciativa conjunta de 42 organizaciones que representan a cientos de partes interesadas de 12 pa\u00edses de los sectores cultural y creativo. El consorcio TEMS incluye a:<span> <\/span><\/p>\n<ul>\n<li>radiodifusores, editores, agencias de noticias, productores, archivos nacionales audiovisuales, asociaciones de innovaci\u00f3n, organismos de normalizaci\u00f3n<\/li>\n<li>y empresas de infraestructuras inform\u00e1ticas con experiencia demostrada en el dise\u00f1o y la operaci\u00f3n de espacios de datos.<\/li>\n<\/ul>\n<p>Los socios de TEMS colaborar\u00e1n para desarrollar conjuntamente los requisitos, dise\u00f1ar y desarrollar los componentes comunes del espacio de datos, integrar casos de uso espec\u00edficos, definir y establecer modelos de gobernanza y negocio, y difundirlos entre todos los subsectores para hacer crecer el ecosistema.<\/p>\n<p>[\/et_pb_blurb][\/et_pb_column][\/et_pb_row][et_pb_row disabled_on=\u00bbon|off|off\u00bb _builder_version=\u00bb4.22.2&#8243; _module_preset=\u00bbdefault\u00bb positioning=\u00bbabsolute\u00bb position_origin_a=\u00bbbottom_center\u00bb vertical_offset=\u00bb80px\u00bb z_index=\u00bb3&#8243; custom_margin=\u00bb0px||||false|false\u00bb custom_padding=\u00bb0px||||false|false\u00bb link_option_url=\u00bb#mission\u00bb global_colors_info=\u00bb{}\u00bb][et_pb_column type=\u00bb4_4&#8243; _builder_version=\u00bb4.22.2&#8243; _module_preset=\u00bbdefault\u00bb global_colors_info=\u00bb{}\u00bb][et_pb_image src=\u00bbhttps:\/\/tems-dataspace.eu\/wp-content\/uploads\/2023\/11\/Boton-flecha-down.png\u00bb title_text=\u00bbBoton-flecha-down\u00bb align=\u00bbcenter\u00bb _builder_version=\u00bb4.22.2&#8243; _module_preset=\u00bbdefault\u00bb vertical_offset=\u00bb38px\u00bb width=\u00bb100%\u00bb global_colors_info=\u00bb{}\u00bb][\/et_pb_image][\/et_pb_column][\/et_pb_row][\/et_pb_section][et_pb_section fb_built=\u00bb1&#8243; custom_padding_last_edited=\u00bbon|phone\u00bb admin_label=\u00bbscope\u00bb module_id=\u00bbscope\u00bb _builder_version=\u00bb4.22.2&#8243; _module_preset=\u00bbdefault\u00bb min_height_tablet=\u00bb100vh\u00bb min_height_phone=\u00bb100vh\u00bb min_height_last_edited=\u00bbon|phone\u00bb height_tablet=\u00bb100vh\u00bb height_phone=\u00bb\u00bb height_last_edited=\u00bbon|phone\u00bb custom_margin=\u00bb||||false|false\u00bb custom_margin_tablet=\u00bb||100px||false|false\u00bb custom_margin_phone=\u00bb50px||-50px||false|false\u00bb custom_margin_last_edited=\u00bbon|phone\u00bb custom_padding=\u00bb150px||150px||false|false\u00bb custom_padding_tablet=\u00bb30px||30px||false|false\u00bb custom_padding_phone=\u00bb0px||0px||false|false\u00bb da_popup_slug=\u00bbscope\u00bb da_disable_devices=\u00bboff|off|off\u00bb locked=\u00bboff\u00bb global_colors_info=\u00bb{}\u00bb da_is_popup=\u00bboff\u00bb da_exit_intent=\u00bboff\u00bb da_has_close=\u00bbon\u00bb da_alt_close=\u00bboff\u00bb da_dark_close=\u00bboff\u00bb da_not_modal=\u00bbon\u00bb da_is_singular=\u00bboff\u00bb da_with_loader=\u00bboff\u00bb da_has_shadow=\u00bbon\u00bb][et_pb_row column_structure=\u00bb2_5,3_5&#8243; use_custom_gutter=\u00bbon\u00bb gutter_width=\u00bb1&#8243; custom_padding_last_edited=\u00bbon|phone\u00bb _builder_version=\u00bb4.22.2&#8243; _module_preset=\u00bbdefault\u00bb max_width=\u00bb1200px\u00bb custom_margin_tablet=\u00bb\u00bb custom_margin_phone=\u00bb||0px||false|false\u00bb custom_margin_last_edited=\u00bbon|phone\u00bb custom_padding_tablet=\u00bb\u00bb custom_padding_phone=\u00bb||0px||false|false\u00bb global_colors_info=\u00bb{}\u00bb][et_pb_column type=\u00bb2_5&#8243; _builder_version=\u00bb4.22.2&#8243; _module_preset=\u00bbdefault\u00bb position_origin_a=\u00bbcenter_left\u00bb horizontal_offset=\u00bb-160px\u00bb vertical_offset_tablet=\u00bb\u00bb vertical_offset_phone=\u00bb-20px\u00bb vertical_offset_last_edited=\u00bbon|phone\u00bb horizontal_offset_tablet=\u00bb-180px\u00bb horizontal_offset_phone=\u00bb0px\u00bb horizontal_offset_last_edited=\u00bbon|phone\u00bb global_colors_info=\u00bb{}\u00bb][et_pb_image src=\u00bbhttps:\/\/tems-dataspace.eu\/wp-content\/uploads\/2023\/11\/imagen-scope@2x.png\u00bb align=\u00bbcenter\u00bb align_tablet=\u00bbcenter\u00bb align_phone=\u00bbcenter\u00bb align_last_edited=\u00bbon|tablet\u00bb _builder_version=\u00bb4.25.0&#8243; _module_preset=\u00bbdefault\u00bb horizontal_offset=\u00bb-200px\u00bb position_origin_a_tablet=\u00bb\u00bb position_origin_a_phone=\u00bb\u00bb position_origin_a_last_edited=\u00bbon|phone\u00bb position_origin_f_tablet=\u00bb\u00bb position_origin_f_phone=\u00bb\u00bb position_origin_f_last_edited=\u00bbon|phone\u00bb position_origin_r_tablet=\u00bb\u00bb position_origin_r_phone=\u00bb\u00bb position_origin_r_last_edited=\u00bbon|phone\u00bb width=\u00bb700px\u00bb width_tablet=\u00bb30%\u00bb width_phone=\u00bb60%\u00bb width_last_edited=\u00bbon|tablet\u00bb custom_margin=\u00bb||||false|false\u00bb custom_padding=\u00bb||||false|false\u00bb positioning_tablet=\u00bbrelative\u00bb positioning_phone=\u00bbnone\u00bb positioning_last_edited=\u00bbon|phone\u00bb module_alignment_tablet=\u00bb\u00bb module_alignment_phone=\u00bbcenter\u00bb module_alignment_last_edited=\u00bbon|phone\u00bb global_colors_info=\u00bb{}\u00bb][\/et_pb_image][\/et_pb_column][et_pb_column type=\u00bb3_5&#8243; _builder_version=\u00bb4.22.2&#8243; _module_preset=\u00bbdefault\u00bb global_colors_info=\u00bb{}\u00bb][et_pb_blurb title=\u00bbAlcance\u00bb content_tablet=\u00bb<\/p>\n<p>La iniciativa TEMS, impulsada por la Comisi\u00f3n Europea y desarrollada por un consorcio de 40 organizaciones que representan a cientos de partes interesadas de 11 pa\u00edses en los sectores cultural y creativo, desempe\u00f1a un papel fundamental en la implementaci\u00f3n de la Estrategia Europea de Datos.<\/p>\n<p>\u00bb content_phone=\u00bb<\/p>\n<p>La iniciativa TEMS, impulsada por la Comisi\u00f3n Europea y desarrollada por un consorcio de 40 organizaciones que representan a cientos de partes interesadas de 11 pa\u00edses en los sectores cultural y creativo, desempe\u00f1a un papel fundamental en la implementaci\u00f3n de la Estrategia Europea de Datos.<\/p>\n<p>\u00bb content_last_edited=\u00bbon|phone\u00bb _builder_version=\u00bb4.22.2&#8243; _module_preset=\u00bbdefault\u00bb header_level=\u00bbh1&#8243; header_font=\u00bb|700|||||||\u00bb header_text_color=\u00bb#000231&#8243; header_font_size=\u00bb65px\u00bb header_line_height=\u00bb1.3em\u00bb body_font=\u00bb||||||||\u00bb body_text_color=\u00bb#434466&#8243; body_font_size=\u00bb24px\u00bb body_line_height=\u00bb1.8em\u00bb positioning=\u00bbrelative\u00bb horizontal_offset=\u00bb85px\u00bb position_origin_a_tablet=\u00bb\u00bb position_origin_a_phone=\u00bb\u00bb position_origin_a_last_edited=\u00bbon|phone\u00bb position_origin_f_tablet=\u00bb\u00bb position_origin_f_phone=\u00bb\u00bb position_origin_f_last_edited=\u00bbon|phone\u00bb position_origin_r_tablet=\u00bb\u00bb position_origin_r_phone=\u00bb\u00bb position_origin_r_last_edited=\u00bbon|phone\u00bb custom_margin=\u00bb40px||||false|false\u00bb custom_padding_tablet=\u00bb\u00bb custom_padding_phone=\u00bb||||false|false\u00bb custom_padding_last_edited=\u00bbon|phone\u00bb header_text_align_tablet=\u00bbcenter\u00bb header_text_align_phone=\u00bbcenter\u00bb header_text_align_last_edited=\u00bbon|phone\u00bb header_font_size_tablet=\u00bb65px\u00bb header_font_size_phone=\u00bb40px\u00bb header_font_size_last_edited=\u00bbon|phone\u00bb header_line_height_tablet=\u00bb1.3em\u00bb header_line_height_phone=\u00bb\u00bb header_line_height_last_edited=\u00bbon|phone\u00bb body_text_align_tablet=\u00bb\u00bb body_text_align_phone=\u00bbcenter\u00bb body_text_align_last_edited=\u00bbon|phone\u00bb body_font_size_tablet=\u00bb24px\u00bb body_font_size_phone=\u00bb20px\u00bb body_font_size_last_edited=\u00bbon|phone\u00bb positioning_tablet=\u00bbrelative\u00bb positioning_phone=\u00bbnone\u00bb positioning_last_edited=\u00bbon|phone\u00bb global_colors_info=\u00bb{}\u00bb]<\/p>\n<p>El proyecto TEMS est\u00e1 impulsado por la Comisi\u00f3n Europea y desarrollado por un consorcio de 42 organizaciones que representan a cientos de interesados de 12 pa\u00edses en los sectores cultural y creativo. desempe\u00f1a un papel fundamental en la implementaci\u00f3n de la Estrategia Europea de Datos.<\/p>\n<p>[\/et_pb_blurb][\/et_pb_column][\/et_pb_row][et_pb_row disabled_on=\u00bbon|off|off\u00bb _builder_version=\u00bb4.22.2&#8243; _module_preset=\u00bbdefault\u00bb positioning=\u00bbabsolute\u00bb position_origin_a=\u00bbbottom_center\u00bb vertical_offset=\u00bb80px\u00bb z_index=\u00bb3&#8243; custom_margin=\u00bb0px||||false|false\u00bb custom_padding=\u00bb0px||||false|false\u00bb link_option_url=\u00bb#mission\u00bb global_colors_info=\u00bb{}\u00bb][et_pb_column type=\u00bb4_4&#8243; _builder_version=\u00bb4.22.2&#8243; _module_preset=\u00bbdefault\u00bb global_colors_info=\u00bb{}\u00bb][et_pb_image src=\u00bbhttps:\/\/tems-dataspace.eu\/wp-content\/uploads\/2023\/11\/Boton-flecha-down.png\u00bb title_text=\u00bbBoton-flecha-down\u00bb align=\u00bbcenter\u00bb _builder_version=\u00bb4.22.2&#8243; _module_preset=\u00bbdefault\u00bb vertical_offset=\u00bb38px\u00bb width=\u00bb100%\u00bb global_colors_info=\u00bb{}\u00bb][\/et_pb_image][\/et_pb_column][\/et_pb_row][\/et_pb_section][et_pb_section fb_built=\u00bb1&#8243; custom_padding_last_edited=\u00bbon|phone\u00bb admin_label=\u00bbSection\u00bb module_id=\u00bbmission\u00bb _builder_version=\u00bb4.22.2&#8243; _module_preset=\u00bbdefault\u00bb background_image=\u00bbhttps:\/\/tems-dataspace.eu\/wp-content\/uploads\/2023\/11\/Imagen-mission.png\u00bb min_height_tablet=\u00bb100vh\u00bb min_height_phone=\u00bb\u00bb min_height_last_edited=\u00bbon|phone\u00bb custom_padding=\u00bb150px||150px||false|false\u00bb custom_padding_tablet=\u00bb30px||30px||false|false\u00bb custom_padding_phone=\u00bb0px||||false|false\u00bb da_popup_slug=\u00bbmission\u00bb da_disable_devices=\u00bboff|off|off\u00bb locked=\u00bboff\u00bb global_colors_info=\u00bb{}\u00bb da_is_popup=\u00bboff\u00bb da_exit_intent=\u00bboff\u00bb da_has_close=\u00bbon\u00bb da_alt_close=\u00bboff\u00bb da_dark_close=\u00bboff\u00bb da_not_modal=\u00bbon\u00bb da_is_singular=\u00bboff\u00bb da_with_loader=\u00bboff\u00bb da_has_shadow=\u00bbon\u00bb][et_pb_row column_structure=\u00bb2_5,3_5&#8243; use_custom_gutter=\u00bbon\u00bb gutter_width=\u00bb4&#8243; custom_padding_last_edited=\u00bbon|phone\u00bb _builder_version=\u00bb4.22.2&#8243; _module_preset=\u00bbdefault\u00bb width=\u00bb100%\u00bb max_width=\u00bb1200px\u00bb custom_padding=\u00bb||||false|false\u00bb custom_padding_tablet=\u00bb131px|||||\u00bb custom_padding_phone=\u00bb50px||||false|false\u00bb global_colors_info=\u00bb{}\u00bb][et_pb_column type=\u00bb2_5&#8243; _builder_version=\u00bb4.21.0&#8243; _module_preset=\u00bbdefault\u00bb global_colors_info=\u00bb{}\u00bb][et_pb_blurb title=\u00bbMisi\u00f3n\u00bb content_tablet=\u00bb<\/p>\n<h1><span style=%22color: #000231; font-size: 47px; line-height: 1.3em;%22><strong>El consorcio TEMS presenta la mayor iniciativa europea para crear un ecosistema de espacio de datos en el sector de los medios de comunicaci\u00f3n<\/strong><\/span><\/h1>\n<p>TEMS es un consorcio nacido de la asociaci\u00f3n de 40 grandes empresas, PYME y organismos de investigaci\u00f3n, cuyo objetivo es el despliegue de un Espacio Europeo de Datos de Medios de Comunicaci\u00f3n (EMDS) que promueva el intercambio eficaz de datos de medios de comunicaci\u00f3n y la colaboraci\u00f3n entre las partes interesadas. Con una inversi\u00f3n de 16 millones de euros, TEMS ser\u00e1 un actor clave en la transformaci\u00f3n digital y el desarrollo econ\u00f3mico de los medios de comunicaci\u00f3n locales y regionales.<\/p>\n<p>\u00bb content_phone=\u00bb<\/p>\n<h1><\/h1>\n<p>TEMS es un consorcio nacido de la asociaci\u00f3n de 40 grandes empresas, PYME y organismos de investigaci\u00f3n, cuyo objetivo es el despliegue de un Espacio Europeo de Datos de Medios de Comunicaci\u00f3n (EMDS) que promueva el intercambio eficaz de datos de medios de comunicaci\u00f3n y la colaboraci\u00f3n entre las partes interesadas. Con una inversi\u00f3n de 16 millones de euros, TEMS ser\u00e1 un actor clave en la transformaci\u00f3n digital y el desarrollo econ\u00f3mico de los medios de comunicaci\u00f3n locales y regionales.<\/p>\n<p>\u00bb content_last_edited=\u00bbon|phone\u00bb _builder_version=\u00bb4.22.2&#8243; _module_preset=\u00bbdefault\u00bb header_level=\u00bbh1&#8243; header_font=\u00bb|700|||||||\u00bb header_text_color=\u00bb#00d8ff\u00bb header_font_size=\u00bb65px\u00bb header_line_height=\u00bb1.3em\u00bb body_font=\u00bb|300|||||||\u00bb body_text_color=\u00bb#FFFFFF\u00bb body_font_size=\u00bb24px\u00bb body_line_height=\u00bb1.8em\u00bb custom_margin=\u00bb||||false|false\u00bb custom_margin_tablet=\u00bb||||false|false\u00bb custom_margin_phone=\u00bb|10px||10px|false|false\u00bb custom_margin_last_edited=\u00bbon|phone\u00bb header_text_align_tablet=\u00bbcenter\u00bb header_text_align_phone=\u00bbcenter\u00bb header_text_align_last_edited=\u00bbon|phone\u00bb header_font_size_tablet=\u00bb65px\u00bb header_font_size_phone=\u00bb40px\u00bb header_font_size_last_edited=\u00bbon|phone\u00bb body_text_align_tablet=\u00bb\u00bb body_text_align_phone=\u00bbcenter\u00bb body_text_align_last_edited=\u00bbon|phone\u00bb body_font_size_tablet=\u00bb24px\u00bb body_font_size_phone=\u00bb20px\u00bb body_font_size_last_edited=\u00bbon|phone\u00bb global_colors_info=\u00bb{}\u00bb]<\/p>\n<p>A trav\u00e9s de un despliegue a gran escala de servicios, infraestructuras y plataformas de vanguardia, TEMS se propone redefinir la forma en que el sector de los medios de comunicaci\u00f3n comparte y aprovecha el valor de los datos. Esto contribuir\u00e1 al desarrollo econ\u00f3mico y al crecimiento de los ecosistemas medi\u00e1ticos locales y regionales en toda Europa. Los datos representan la nueva moneda y las empresas que los aprovechan ser\u00e1n las que moldeen el futuro.<\/p>\n<p>[\/et_pb_blurb][\/et_pb_column][et_pb_column type=\u00bb3_5&#8243; _builder_version=\u00bb4.21.0&#8243; _module_preset=\u00bbdefault\u00bb global_colors_info=\u00bb{}\u00bb][\/et_pb_column][\/et_pb_row][\/et_pb_section][et_pb_section fb_built=\u00bb1&#8243; admin_label=\u00bbPopup &#8211; #registration_manuf\u00bb module_id=\u00bbregistration_manuf\u00bb module_class=\u00bbpopup\u00bb _builder_version=\u00bb4.21.0&#8243; _module_preset=\u00bbdefault\u00bb background_color=\u00bb#f1f1f4&#8243; custom_margin=\u00bb|||0px||\u00bb da_is_popup=\u00bbon\u00bb da_popup_slug=\u00bbregistration_manuf\u00bb da_disable_devices=\u00bboff|off|off\u00bb global_colors_info=\u00bb{}\u00bb da_exit_intent=\u00bboff\u00bb da_has_close=\u00bbon\u00bb da_alt_close=\u00bboff\u00bb da_dark_close=\u00bboff\u00bb da_not_modal=\u00bbon\u00bb da_is_singular=\u00bboff\u00bb da_with_loader=\u00bboff\u00bb da_has_shadow=\u00bbon\u00bb][et_pb_row _builder_version=\u00bb4.21.0&#8243; _module_preset=\u00bbdefault\u00bb max_width=\u00bb920px\u00bb module_alignment=\u00bbcenter\u00bb global_colors_info=\u00bb{}\u00bb][et_pb_column type=\u00bb4_4&#8243; _builder_version=\u00bb4.21.0&#8243; _module_preset=\u00bbdefault\u00bb global_colors_info=\u00bb{}\u00bb][et_pb_text _builder_version=\u00bb4.21.0&#8243; _module_preset=\u00bbdefault\u00bb header_2_font=\u00bb|600|||||||\u00bb header_2_text_color=\u00bb#434466&#8243; header_2_font_size=\u00bb47px\u00bb text_orientation=\u00bbcenter\u00bb header_2_font_size_tablet=\u00bb50px\u00bb header_2_font_size_phone=\u00bb30px\u00bb header_2_font_size_last_edited=\u00bbon|phone\u00bb global_colors_info=\u00bb{}\u00bb]<\/p>\n<h2>Formulario de registro<\/h2>\n<p>[\/et_pb_text][et_pb_text module_id=\u00bbform_event\u00bb _builder_version=\u00bb4.21.0&#8243; _module_preset=\u00bbdefault\u00bb width=\u00bb90%\u00bb module_alignment=\u00bbcenter\u00bb global_colors_info=\u00bb{}\u00bb]<\/p>\n\n<div class=\"wpcf7 no-js\" id=\"wpcf7-f17832-o1\" lang=\"en-US\" dir=\"ltr\">\n<div class=\"screen-reader-response\"><p role=\"status\" aria-live=\"polite\" aria-atomic=\"true\"><\/p> <ul><\/ul><\/div>\n<form action=\"\/es\/wp-json\/wp\/v2\/pages\/21509#wpcf7-f17832-o1\" method=\"post\" class=\"wpcf7-form init\" aria-label=\"Contact form\" novalidate=\"novalidate\" data-status=\"init\">\n<div style=\"display: none;\">\n<input type=\"hidden\" name=\"_wpcf7\" value=\"17832\" \/>\n<input type=\"hidden\" name=\"_wpcf7_version\" value=\"5.9.3\" \/>\n<input type=\"hidden\" name=\"_wpcf7_locale\" value=\"en_US\" \/>\n<input type=\"hidden\" name=\"_wpcf7_unit_tag\" value=\"wpcf7-f17832-o1\" \/>\n<input type=\"hidden\" name=\"_wpcf7_container_post\" value=\"0\" \/>\n<input type=\"hidden\" name=\"_wpcf7_posted_data_hash\" value=\"\" \/>\n<input type=\"hidden\" name=\"_wpcf7_recaptcha_response\" value=\"\" \/>\n<\/div>\n<p><label> Full name<br \/>\n<span class=\"wpcf7-form-control-wrap\" data-name=\"your-name\"><input size=\"40\" class=\"wpcf7-form-control wpcf7-text wpcf7-validates-as-required\" autocomplete=\"name\" aria-required=\"true\" aria-invalid=\"false\" value=\"\" type=\"text\" name=\"your-name\" \/><\/span> <\/label>\n<\/p>\n<p><label> Email<br \/>\n<span class=\"wpcf7-form-control-wrap\" data-name=\"your-email\"><input size=\"40\" class=\"wpcf7-form-control wpcf7-email wpcf7-validates-as-required wpcf7-text wpcf7-validates-as-email\" autocomplete=\"email\" aria-required=\"true\" aria-invalid=\"false\" value=\"\" type=\"email\" name=\"your-email\" \/><\/span> <\/label>\n<\/p>\n<p><label> Phone number<br \/>\n<span class=\"wpcf7-form-control-wrap\" data-name=\"tel-819\"><input size=\"40\" class=\"wpcf7-form-control wpcf7-tel wpcf7-text wpcf7-validates-as-tel\" autocomplete=\"phone\" aria-invalid=\"false\" value=\"\" type=\"tel\" name=\"tel-819\" \/><\/span> <\/label>\n<\/p>\n<p><label> Company<br \/>\n<span class=\"wpcf7-form-control-wrap\" data-name=\"text-company\"><input size=\"40\" class=\"wpcf7-form-control wpcf7-text wpcf7-validates-as-required\" autocomplete=\"name\" aria-required=\"true\" aria-invalid=\"false\" value=\"\" type=\"text\" name=\"text-company\" \/><\/span> <\/label>\n<\/p>\n<p><label> Food restrictions<br \/>\n<span class=\"wpcf7-form-control-wrap\" data-name=\"text-food\"><input size=\"40\" class=\"wpcf7-form-control wpcf7-text\" autocomplete=\"name\" aria-invalid=\"false\" value=\"\" type=\"text\" name=\"text-food\" \/><\/span> <\/label>\n<\/p>\n<p><span class=\"wpcf7-form-control-wrap\" data-name=\"acceptance-465\"><span class=\"wpcf7-form-control wpcf7-acceptance\"><span class=\"wpcf7-list-item\"><input type=\"checkbox\" name=\"acceptance-465\" value=\"1\" aria-invalid=\"false\" \/><\/span><\/span><\/span> I have read and accept the privacy policy\n<\/p>\n<p><input class=\"wpcf7-form-control wpcf7-submit has-spinner\" type=\"submit\" value=\"Send\" \/>\n<\/p><div class=\"wpcf7-response-output\" aria-hidden=\"true\"><\/div>\n<\/form>\n<\/div>\n\n<p>[\/et_pb_text][\/et_pb_column][\/et_pb_row][\/et_pb_section]<\/p>\n","protected":false},"excerpt":{"rendered":"<p>Con el crecimiento de las tecnolog\u00edas de IA y la r\u00e1pida adopci\u00f3n de sus herramientas, todas las industrias, especialmente la de los medios de comunicaci\u00f3n, han reconocido la necesidad apremiante de mejorar la gesti\u00f3n y el control de los datos, al mismo tiempo que facilitan su circulaci\u00f3n para optimizar su valor. Las organizaciones de medios [&hellip;]<\/p>\n","protected":false},"author":1,"featured_media":0,"parent":0,"menu_order":0,"comment_status":"closed","ping_status":"closed","template":"","meta":{"_et_pb_use_builder":"on","_et_pb_old_content":"","_et_gb_content_width":"","footnotes":""},"yoast_head":"<!-- This site is optimized with the Yoast SEO plugin v22.5 - https:\/\/yoast.com\/wordpress\/plugins\/seo\/ -->\n<title>ACERCA DE - Tems<\/title>\n<meta name=\"robots\" content=\"index, follow, max-snippet:-1, max-image-preview:large, max-video-preview:-1\" \/>\n<link rel=\"canonical\" href=\"https:\/\/tems-dataspace.eu\/es\/about\/\" \/>\n<meta property=\"og:locale\" content=\"es_ES\" \/>\n<meta property=\"og:type\" content=\"article\" \/>\n<meta property=\"og:title\" content=\"ACERCA DE - Tems\" \/>\n<meta property=\"og:description\" content=\"Con el crecimiento de las tecnolog\u00edas de IA y la r\u00e1pida adopci\u00f3n de sus herramientas, todas las industrias, especialmente la de los medios de comunicaci\u00f3n, han reconocido la necesidad apremiante de mejorar la gesti\u00f3n y el control de los datos, al mismo tiempo que facilitan su circulaci\u00f3n para optimizar su valor. Las organizaciones de medios [&hellip;]\" \/>\n<meta property=\"og:url\" content=\"https:\/\/tems-dataspace.eu\/es\/about\/\" \/>\n<meta property=\"og:site_name\" content=\"Tems\" \/>\n<meta property=\"article:modified_time\" content=\"2024-06-12T07:02:05+00:00\" \/>\n<meta name=\"twitter:card\" content=\"summary_large_image\" \/>\n<meta name=\"twitter:site\" content=\"@tems_eu\" \/>\n<meta name=\"twitter:label1\" content=\"Tiempo de lectura\" \/>\n\t<meta name=\"twitter:data1\" content=\"7 minutos\" \/>\n<script type=\"application\/ld+json\" class=\"yoast-schema-graph\">{\"@context\":\"https:\/\/schema.org\",\"@graph\":[{\"@type\":\"WebPage\",\"@id\":\"https:\/\/tems-dataspace.eu\/es\/about\/\",\"url\":\"https:\/\/tems-dataspace.eu\/es\/about\/\",\"name\":\"ACERCA DE - Tems\",\"isPartOf\":{\"@id\":\"https:\/\/tems-dataspace.eu\/es\/#website\"},\"datePublished\":\"2024-03-14T12:57:02+00:00\",\"dateModified\":\"2024-06-12T07:02:05+00:00\",\"breadcrumb\":{\"@id\":\"https:\/\/tems-dataspace.eu\/es\/about\/#breadcrumb\"},\"inLanguage\":\"es\",\"potentialAction\":[{\"@type\":\"ReadAction\",\"target\":[\"https:\/\/tems-dataspace.eu\/es\/about\/\"]}]},{\"@type\":\"BreadcrumbList\",\"@id\":\"https:\/\/tems-dataspace.eu\/es\/about\/#breadcrumb\",\"itemListElement\":[{\"@type\":\"ListItem\",\"position\":1,\"name\":\"Portada\",\"item\":\"https:\/\/tems-dataspace.eu\/es\/\"},{\"@type\":\"ListItem\",\"position\":2,\"name\":\"ACERCA DE\"}]},{\"@type\":\"WebSite\",\"@id\":\"https:\/\/tems-dataspace.eu\/es\/#website\",\"url\":\"https:\/\/tems-dataspace.eu\/es\/\",\"name\":\"Tems\",\"description\":\"Trusted European Media Data Space\",\"publisher\":{\"@id\":\"https:\/\/tems-dataspace.eu\/es\/#organization\"},\"potentialAction\":[{\"@type\":\"SearchAction\",\"target\":{\"@type\":\"EntryPoint\",\"urlTemplate\":\"https:\/\/tems-dataspace.eu\/es\/?s={search_term_string}\"},\"query-input\":\"required name=search_term_string\"}],\"inLanguage\":\"es\"},{\"@type\":\"Organization\",\"@id\":\"https:\/\/tems-dataspace.eu\/es\/#organization\",\"name\":\"Tems\",\"url\":\"https:\/\/tems-dataspace.eu\/es\/\",\"logo\":{\"@type\":\"ImageObject\",\"inLanguage\":\"es\",\"@id\":\"https:\/\/tems-dataspace.eu\/es\/#\/schema\/logo\/image\/\",\"url\":\"https:\/\/tems-dataspace.eu\/wp-content\/uploads\/2023\/10\/TEMS-LOGO-04.png\",\"contentUrl\":\"https:\/\/tems-dataspace.eu\/wp-content\/uploads\/2023\/10\/TEMS-LOGO-04.png\",\"width\":778,\"height\":309,\"caption\":\"Tems\"},\"image\":{\"@id\":\"https:\/\/tems-dataspace.eu\/es\/#\/schema\/logo\/image\/\"},\"sameAs\":[\"https:\/\/x.com\/tems_eu\",\"https:\/\/www.linkedin.com\/company\/tems-eu\"]}]}<\/script>\n<!-- \/ Yoast SEO plugin. -->","yoast_head_json":{"title":"ACERCA DE - Tems","robots":{"index":"index","follow":"follow","max-snippet":"max-snippet:-1","max-image-preview":"max-image-preview:large","max-video-preview":"max-video-preview:-1"},"canonical":"https:\/\/tems-dataspace.eu\/es\/about\/","og_locale":"es_ES","og_type":"article","og_title":"ACERCA DE - Tems","og_description":"Con el crecimiento de las tecnolog\u00edas de IA y la r\u00e1pida adopci\u00f3n de sus herramientas, todas las industrias, especialmente la de los medios de comunicaci\u00f3n, han reconocido la necesidad apremiante de mejorar la gesti\u00f3n y el control de los datos, al mismo tiempo que facilitan su circulaci\u00f3n para optimizar su valor. Las organizaciones de medios [&hellip;]","og_url":"https:\/\/tems-dataspace.eu\/es\/about\/","og_site_name":"Tems","article_modified_time":"2024-06-12T07:02:05+00:00","twitter_card":"summary_large_image","twitter_site":"@tems_eu","twitter_misc":{"Tiempo de lectura":"7 minutos"},"schema":{"@context":"https:\/\/schema.org","@graph":[{"@type":"WebPage","@id":"https:\/\/tems-dataspace.eu\/es\/about\/","url":"https:\/\/tems-dataspace.eu\/es\/about\/","name":"ACERCA DE - Tems","isPartOf":{"@id":"https:\/\/tems-dataspace.eu\/es\/#website"},"datePublished":"2024-03-14T12:57:02+00:00","dateModified":"2024-06-12T07:02:05+00:00","breadcrumb":{"@id":"https:\/\/tems-dataspace.eu\/es\/about\/#breadcrumb"},"inLanguage":"es","potentialAction":[{"@type":"ReadAction","target":["https:\/\/tems-dataspace.eu\/es\/about\/"]}]},{"@type":"BreadcrumbList","@id":"https:\/\/tems-dataspace.eu\/es\/about\/#breadcrumb","itemListElement":[{"@type":"ListItem","position":1,"name":"Portada","item":"https:\/\/tems-dataspace.eu\/es\/"},{"@type":"ListItem","position":2,"name":"ACERCA DE"}]},{"@type":"WebSite","@id":"https:\/\/tems-dataspace.eu\/es\/#website","url":"https:\/\/tems-dataspace.eu\/es\/","name":"Tems","description":"Trusted European Media Data Space","publisher":{"@id":"https:\/\/tems-dataspace.eu\/es\/#organization"},"potentialAction":[{"@type":"SearchAction","target":{"@type":"EntryPoint","urlTemplate":"https:\/\/tems-dataspace.eu\/es\/?s={search_term_string}"},"query-input":"required name=search_term_string"}],"inLanguage":"es"},{"@type":"Organization","@id":"https:\/\/tems-dataspace.eu\/es\/#organization","name":"Tems","url":"https:\/\/tems-dataspace.eu\/es\/","logo":{"@type":"ImageObject","inLanguage":"es","@id":"https:\/\/tems-dataspace.eu\/es\/#\/schema\/logo\/image\/","url":"https:\/\/tems-dataspace.eu\/wp-content\/uploads\/2023\/10\/TEMS-LOGO-04.png","contentUrl":"https:\/\/tems-dataspace.eu\/wp-content\/uploads\/2023\/10\/TEMS-LOGO-04.png","width":778,"height":309,"caption":"Tems"},"image":{"@id":"https:\/\/tems-dataspace.eu\/es\/#\/schema\/logo\/image\/"},"sameAs":["https:\/\/x.com\/tems_eu","https:\/\/www.linkedin.com\/company\/tems-eu"]}]}},"_links":{"self":[{"href":"https:\/\/tems-dataspace.eu\/es\/wp-json\/wp\/v2\/pages\/21509"}],"collection":[{"href":"https:\/\/tems-dataspace.eu\/es\/wp-json\/wp\/v2\/pages"}],"about":[{"href":"https:\/\/tems-dataspace.eu\/es\/wp-json\/wp\/v2\/types\/page"}],"author":[{"embeddable":true,"href":"https:\/\/tems-dataspace.eu\/es\/wp-json\/wp\/v2\/users\/1"}],"replies":[{"embeddable":true,"href":"https:\/\/tems-dataspace.eu\/es\/wp-json\/wp\/v2\/comments?post=21509"}],"version-history":[{"count":11,"href":"https:\/\/tems-dataspace.eu\/es\/wp-json\/wp\/v2\/pages\/21509\/revisions"}],"predecessor-version":[{"id":21743,"href":"https:\/\/tems-dataspace.eu\/es\/wp-json\/wp\/v2\/pages\/21509\/revisions\/21743"}],"wp:attachment":[{"href":"https:\/\/tems-dataspace.eu\/es\/wp-json\/wp\/v2\/media?parent=21509"}],"curies":[{"name":"wp","href":"https:\/\/api.w.org\/{rel}","templated":true}]}}